{"id":5807,"date":"2021-04-30T14:47:06","date_gmt":"2021-04-30T13:47:06","guid":{"rendered":"https:\/\/www.cgfe.de\/lge-de\/?page_id=5807"},"modified":"2021-05-18T13:44:29","modified_gmt":"2021-05-18T12:44:29","slug":"staedte","status":"publish","type":"page","link":"https:\/\/www.cgfe.de\/lge-de\/umgebung\/staedte\/","title":{"rendered":"St\u00e4dte"},"content":{"rendered":"\n<ul class=\"wp-block-list\"><li><a href=\"#Eisenach\"><strong>Eisenach<\/strong><\/a><\/li><li><a href=\"#Erfurt\"><strong>Erfurt<\/strong><\/a><\/li><li><a href=\"#Gotha\"><strong>Gotha<\/strong><\/a><\/li><li><a href=\"#Weimar\"><strong>Weimar<\/strong><\/a><\/li><li><a href=\"#Schmalkalden\"><strong>Schmalkalden<\/strong><\/a><\/li><\/ul>\n\n\n\n<h4 class=\"wp-block-heading\" id=\"Eisenach\">Eisenach<\/h4>\n\n\n\n<p>Bereits im 12. Jahrhundert wird Eisenach in Urkunden benannt.<br>Hier kann man gro\u00dfen Namen der deutschen Geschichte begegnen, z.B. <\/p>\n\n\n\n<p>dem Komponisten Johann Sebastian Bach &#8211; <a href=\"https:\/\/bachhaus-eisenach.de\/\" target=\"_blank\" rel=\"noreferrer noopener\"><strong>Bachhaus Eisenach<\/strong><\/a><\/p>\n\n\n\n<p>oder Martin Luther, der<strong><a href=\"https:\/\/www.wartburg.de\/de\/\" target=\"_blank\" rel=\"noreferrer noopener\"> in der Wartburg<\/a><\/strong> Unterschlupf fand, als er f\u00fcr \u201cvogelfrei\u201d erkl\u00e4rt wurde.<br>Er \u00fcbersetzte in dieser Zeit das neue Testament in die deutsche Sprache.<br>Die Wartburg thront hoch \u00fcber Eisenach und ist aus jeder Richtung gut zu erkennen.<br>Auch die Heilige Elisabeth von Th\u00fcringen hat im 3. Jahrhundert auf der Burg gewohnt. Von dort besuchte und pflegte sie die Kranken.<\/p>\n\n\n\n<figure class=\"wp-block-image size-large\"><a href=\"https:\/\/www.cgfe.de\/lge-de\/wp-content\/uploads\/sites\/17\/2013\/04\/wartburg-compri.jpg\"><img loading=\"lazy\" decoding=\"async\" width=\"1024\" height=\"768\" src=\"https:\/\/www.cgfe.de\/lge-de\/wp-content\/uploads\/sites\/17\/2013\/04\/wartburg-compri-1024x768.jpg\" alt=\"\" class=\"wp-image-4331\" srcset=\"https:\/\/www.cgfe.de\/lge-de\/wp-content\/uploads\/sites\/17\/2013\/04\/wartburg-compri.jpg 1024w, https:\/\/www.cgfe.de\/lge-de\/wp-content\/uploads\/sites\/17\/2013\/04\/wartburg-compri-300x225.jpg 300w, https:\/\/www.cgfe.de\/lge-de\/wp-content\/uploads\/sites\/17\/2013\/04\/wartburg-compri-768x576.jpg 768w\" sizes=\"(max-width: 1024px) 100vw, 1024px\" \/><\/a><\/figure>\n\n\n\n<p><br>In der Eisenachs Innenstadt gibt es viele pr\u00e4chtige Geb\u00e4ude zu sehen, zum Beispiel die Georgenkirche. Hier hielt hielt Luther im Jahr 1521 eine Predigt, obwohl er bereits unter dem Reichsbann stand. Im Jahr 1695 wurde Johann Sebastian Bach in dieser Kirche getauft.<br>Im Geburtshaus von J. S. Bach kann man eine beeindruckende Sammlung \u00fcber das Leben der Familie Bach und Instrumenten aus dieser Zeit besichtigen. Daneben steht ein Denkmal des ber\u00fchmten Komponisten.<br>Als Autoliebhaber ist auch ein Besuch im <strong><a href=\"https:\/\/awe-museum.de\/\" target=\"_blank\" rel=\"noreferrer noopener\">Automobil-Museum<\/a> <\/strong>sehr empfehlenswert.<\/p>\n\n\n\n<hr class=\"wp-block-separator\" \/>\n\n\n\n<h4 class=\"wp-block-heading\" id=\"Erfurt\">Erfurt<\/h4>\n\n\n\n<p>Erfurt, die Hauptstadt Th\u00fcringens, ist auch bekannt als die Stadt der vielen T\u00fcrme.<br>Sie verdankt ihren Namen Bonifatius, der in dieser Umgebung begann, die Germanen zum christlichen Glauben zu bekehren.<br>Luther hat hier an der Universit\u00e4t Erfurt studiert und ebenfalls seine Spuren hinterlassen. <strong><a href=\"https:\/\/www.augustinerkloster.de\/kirche-kloster-erfurt\/\" target=\"_blank\" rel=\"noreferrer noopener\">&#8211; Augustinerkloster &#8211;<\/a><\/strong><br>In Erfurt finden Sie die l\u00e4ngste mit Geb\u00e4uden bebaute Br\u00fccke der Welt, <strong><a href=\"http:\/\/www.kraemerbruecke.de\/de\" target=\"_blank\" rel=\"noreferrer noopener\">die Kr\u00e4merbr\u00fccke.<\/a><\/strong> Hier gibt es tolle kleine L\u00e4den mit allerlei Kunsthandwerk und Souveniren.<\/p>\n\n\n\n<figure class=\"wp-block-image size-large\"><a href=\"https:\/\/www.cgfe.de\/lge-de\/wp-content\/uploads\/sites\/17\/2013\/04\/Heger-046-compri.jpg\"><img loading=\"lazy\" decoding=\"async\" width=\"1024\" height=\"692\" src=\"https:\/\/www.cgfe.de\/lge-de\/wp-content\/uploads\/sites\/17\/2013\/04\/Heger-046-compri-1024x692.jpg\" alt=\"\" class=\"wp-image-4329\" srcset=\"https:\/\/www.cgfe.de\/lge-de\/wp-content\/uploads\/sites\/17\/2013\/04\/Heger-046-compri.jpg 1024w, https:\/\/www.cgfe.de\/lge-de\/wp-content\/uploads\/sites\/17\/2013\/04\/Heger-046-compri-300x203.jpg 300w, https:\/\/www.cgfe.de\/lge-de\/wp-content\/uploads\/sites\/17\/2013\/04\/Heger-046-compri-768x519.jpg 768w\" sizes=\"(max-width: 1024px) 100vw, 1024px\" \/><\/a><\/figure>\n\n\n\n<p><br>Der wundersch\u00f6ne <strong><a href=\"https:\/\/www.egapark-erfurt.de\/pb\/egapark\/Home\" target=\"_blank\" rel=\"noreferrer noopener\">Egapark<\/a><\/strong> mit einer Fl\u00e4che von 36 Hektar ist eine Empfehlung f\u00fcr die ganze Familie. Er geh\u00f6rt zu den gro\u00dfen Garten- und Freizeitparks Deutschlands. Hier gibt es verschiedene Ausstellungshallen, Pflanzenschauh\u00e4user, themenbezogene G\u00e4rten und Ruhezonen. Zu den Hauptattraktionen im Egapark z\u00e4hlen eine Sternwarte, ein Aussichtsturm, das mit 6000 m\u00b2 gr\u00f6\u00dfte zusammenh\u00e4ngende Blumenbeet Europas, ein gro\u00dfer Kinderspielplatz (mit Kletterpyramiden, einer Seilbahn, Bootsfahrt, einer Riesenrutsche\u2026) und das einzige Gartenbau-Museum des Landes. Toll ist auch das Schmetterlingshaus.<\/p>\n\n\n\n<hr class=\"wp-block-separator\" \/>\n\n\n\n<h4 class=\"wp-block-heading\" id=\"Gotha\">Gotha<\/h4>\n\n\n\n<p>Die fr\u00fchere Haupt- und Residenzstadt des Herzogtums Sachsen-Coburg und Gotha hat einen besonders historischen und modernen Flair. Eine erstaunliche Geschichte und eine ganz eigene Austrahlung.<\/p>\n\n\n\n<p>Das beeindruckende Stadtbild wird bestimmt durch den historischen Stadtkern, <strong><a href=\"https:\/\/www.stiftungfriedenstein.de\/\" target=\"_blank\" rel=\"noreferrer noopener\">Schlo\u00df Friedenstein<\/a><\/strong>,, die gr\u00f6\u00dfte fr\u00fchbarocke Schlo\u00dfanlage Deutschlands und dem gro\u00dffl\u00e4chigen Schlo\u00dfpark im englischen Stil. Auch heute noch finden in den Wochenenden von Oktober Barockfeste mit Theater wie in alter Zeit statt und mit der damals \u00fcblichen festlichen Kleidung. Ein Schauspiel das sich lohnt.<\/p>\n\n\n\n<p>S\u00fcdlich der Schlo\u00dfanlage befindet sich das Ende des 19. Jhdt. gebaute <strong><a href=\"https:\/\/www.stiftungfriedenstein.de\/herzogliches-museum\" target=\"_blank\" rel=\"noreferrer noopener\">Herzogliche Museum<\/a><\/strong>. Heutzutage beinhaltet es ein Naturmuseum , welches Austellungsst\u00fccke aus dem herzoglichen Naturkabinet pr\u00e4sentiert. Auch befinden sich dort Austellungen \u00fcber den Th\u00fcringer Wald, gesch\u00fctzte Tierarten und die ber\u00fchmten Dinosaurier, deren Knochen in Tambach-Dietharz gefunden wurden.<\/p>\n\n\n\n<p>Die Schlossanlage ist ein wichtiges internationales Erbgut, auf Grund der einzigartigen, die Geschichte \u00fcberdauernden Gesamtanlage, welche aus Schlo\u00df Friedenstein, der Schlo\u00dfkirche, dem Theater, der Bibliothek, dem Archiv, den Kunst- sowie wissenschaftlichen Sammlungen und dem Park besteht. Dies trifft man heutzutage nur noch sehr selten an.<\/p>\n\n\n\n<div class=\"wp-block-image\"><figure class=\"aligncenter size-large\"><a href=\"https:\/\/www.cgfe.de\/lge-de\/wp-content\/uploads\/sites\/17\/2013\/04\/Sijtsma-015-compri.jpg\"><img loading=\"lazy\" decoding=\"async\" width=\"1024\" height=\"768\" src=\"https:\/\/www.cgfe.de\/lge-de\/wp-content\/uploads\/sites\/17\/2013\/04\/Sijtsma-015-compri-1024x768.jpg\" alt=\"\" class=\"wp-image-4330\" srcset=\"https:\/\/www.cgfe.de\/lge-de\/wp-content\/uploads\/sites\/17\/2013\/04\/Sijtsma-015-compri.jpg 1024w, https:\/\/www.cgfe.de\/lge-de\/wp-content\/uploads\/sites\/17\/2013\/04\/Sijtsma-015-compri-300x225.jpg 300w, https:\/\/www.cgfe.de\/lge-de\/wp-content\/uploads\/sites\/17\/2013\/04\/Sijtsma-015-compri-768x576.jpg 768w\" sizes=\"(max-width: 1024px) 100vw, 1024px\" \/><\/a><\/figure><\/div>\n\n\n\n<p>Der historische Stadtkern mit:<br>dem historischen Rathaus, mit dem Renaissancegiebel, welcher auf 1574 datiert wurde,<br>der Margarethenkirche, : seit 1675 der letzte Ruheplatz der Familie Herzog Ernst I. von Sachsen-Gotha-Altenburg. Eine nach 3 Seiten ausgew\u00f6lbte sp\u00e4t-gotische Hallenkirche mit bemerkenswertem Inventar: ein Kindertaufbecken aus 1687, eine Kanzel aus 1727, ein sp\u00e4t-gotisches Relief mit dem letzten Abendmahl aus ca. 1500 und der Gedenkstein f\u00fcr Herzog Ernst den Frommen im Jahr 1728.<br>In dieser Kirche finden heutzutage regelm\u00e4\u00dfig Konzerte der Handglockench\u00f6re statt.<\/p>\n\n\n\n<p><strong><a href=\"https:\/\/www.augustinerkloster-gotha.de\/startseite.html\" target=\"_blank\" rel=\"noreferrer noopener\">Augustinerkirche<\/a><\/strong>, es ist die einzige erhalten gebliebene Klosteranlage der Region. Diese hat eine T\u00e4felung auf 4 h\u00f6lzernen S\u00e4ulen und einen Rundgang mit 4 Vertiefungen. Auffallend sind die Kanzel und die F\u00fcrstenloge.<\/p>\n\n\n\n<p>In der sogenannten \u2018<strong><a href=\"https:\/\/www.gotha.de\/service\/aktuell\/pressemitteilungen\/pressemitteilung-detailansicht\/article\/gotha_gedaechtnis_der_reformation_schautafel_informiert_ueber_luthers_spuren_in_gotha.html\" target=\"_blank\" rel=\"noreferrer noopener\">L\u00f6wenburg\u2019, Hauptmarkt 42<\/a><\/strong>, schrieb Martin Luther im Jahr 1515 sein erstes Testament als er auf der Durchreise schwerkrank wurde.<\/p>\n\n\n\n<p>Die Stadt Gotha bietet einen atmosph\u00e4rischen Mix aus historischen Geb\u00e4uden, modernen Gesch\u00e4ften und abwechselndem Gastronomieangebot. In den vielen Gesch\u00e4ften, Boutiquen und den zwei gro\u00dfen Warenh\u00e4usern kann man nach herzenslust shoppen gehen. F\u00fcr das leibliche Wohl sorgen Restaurant, Caf\u00e9s und Bars mit ihrem vielseitigen Angebot von Th\u00fcringer Spezialit\u00e4ten bis hin zu exquisiten Speisen.<\/p>\n\n\n\n<p>Ob Sie nun selbst die Stadt erkunden oder Teilnehmen an einer Stadtf\u00fchrung \u2013 das Gef\u00fchl der spannenden vergangenen Zeit ist \u00fcberall f\u00fchlbar.<\/p>\n\n\n\n<hr class=\"wp-block-separator\" \/>\n\n\n\n<h4 class=\"wp-block-heading\" id=\"Weimar\">Weimar<\/h4>\n\n\n\n<div class=\"wp-block-image\"><figure class=\"alignleft size-medium\"><a href=\"https:\/\/www.cgfe.de\/lge-de\/wp-content\/uploads\/sites\/17\/2021\/05\/Weimar-Innenstadt-compri.jpg\"><img loading=\"lazy\" decoding=\"async\" width=\"225\" height=\"300\" src=\"https:\/\/www.cgfe.de\/lge-de\/wp-content\/uploads\/sites\/17\/2021\/05\/Weimar-Innenstadt-compri-225x300.jpg\" alt=\"\" class=\"wp-image-5853\" srcset=\"https:\/\/www.cgfe.de\/lge-de\/wp-content\/uploads\/sites\/17\/2021\/05\/Weimar-Innenstadt-compri-225x300.jpg 225w, https:\/\/www.cgfe.de\/lge-de\/wp-content\/uploads\/sites\/17\/2021\/05\/Weimar-Innenstadt-compri-768x1024.jpg 768w, https:\/\/www.cgfe.de\/lge-de\/wp-content\/uploads\/sites\/17\/2021\/05\/Weimar-Innenstadt-compri.jpg 1000w\" sizes=\"(max-width: 225px) 100vw, 225px\" \/><\/a><\/figure><\/div>\n\n\n\n<p>Die Kulturhauptstadt Europas 1999 liegt nur 60 km von Engelsbach entfernt. Erleben Sie in Weimar Weltkultur von Klassik bis Bauhaus und in wenigen Schritten Parks und G\u00e4rten. Die elegante Residenzstadt vereint deutsche und europ\u00e4ische Kulturgeschichte: Goethe und Schiller, Bach, Liszt und Gropius \u2013 Faszinierend ist die F\u00fclle, elegant die Erscheinung, charmant der Empfang. <br>Ebenfalls wurde in Weimar die erste parlamentarische Republik Deutschlands gegr\u00fcndet.<\/p>\n\n\n\n<p><\/p>\n\n\n\n<p><\/p>\n\n\n\n<div class=\"wp-block-image\"><figure class=\"alignright size-medium\"><a href=\"https:\/\/www.cgfe.de\/lge-de\/wp-content\/uploads\/sites\/17\/2021\/05\/Weimar-Park-an-der-Ilm-2.jpg\"><img loading=\"lazy\" decoding=\"async\" width=\"169\" height=\"300\" src=\"https:\/\/www.cgfe.de\/lge-de\/wp-content\/uploads\/sites\/17\/2021\/05\/Weimar-Park-an-der-Ilm-2-169x300.jpg\" alt=\"\" class=\"wp-image-5854\" srcset=\"https:\/\/www.cgfe.de\/lge-de\/wp-content\/uploads\/sites\/17\/2021\/05\/Weimar-Park-an-der-Ilm-2-169x300.jpg 169w, https:\/\/www.cgfe.de\/lge-de\/wp-content\/uploads\/sites\/17\/2021\/05\/Weimar-Park-an-der-Ilm-2.jpg 562w\" sizes=\"(max-width: 169px) 100vw, 169px\" \/><\/a><\/figure><\/div>\n\n\n\n<p>Der 48 Hektar gro\u00dfe <strong><a href=\"https:\/\/www.klassik-stiftung.de\/park-an-der-ilm\/\" target=\"_blank\" rel=\"noreferrer noopener\">Park an der Ilm<\/a><\/strong> ist ein einzigartiger Landschaftsgarten am Rande der Weimarer Altstadt. Herzog Carl August und Johann Wolfgang Goethe verwirklichten hier ihre gartenk\u00fcnstlerischen Ideen. Sie schufen ein begehbares Kunstwerk mit abwechslungsreichen Landschaftsbildern, Parkarchitekturen und Sitzgelegenheiten, das bis heute der Erholung, der Bildung und dem \u00e4sthetischen Naturgenuss dient.<br><\/p>\n\n\n\n<div class=\"wp-block-image\"><figure class=\"alignleft size-medium\"><a href=\"https:\/\/www.cgfe.de\/lge-de\/wp-content\/uploads\/sites\/17\/2021\/05\/Weimar-Etterberg-1-compri.jpg\"><img loading=\"lazy\" decoding=\"async\" width=\"225\" height=\"300\" src=\"https:\/\/www.cgfe.de\/lge-de\/wp-content\/uploads\/sites\/17\/2021\/05\/Weimar-Etterberg-1-compri-225x300.jpg\" alt=\"\" class=\"wp-image-5855\" srcset=\"https:\/\/www.cgfe.de\/lge-de\/wp-content\/uploads\/sites\/17\/2021\/05\/Weimar-Etterberg-1-compri-225x300.jpg 225w, https:\/\/www.cgfe.de\/lge-de\/wp-content\/uploads\/sites\/17\/2021\/05\/Weimar-Etterberg-1-compri-768x1024.jpg 768w, https:\/\/www.cgfe.de\/lge-de\/wp-content\/uploads\/sites\/17\/2021\/05\/Weimar-Etterberg-1-compri.jpg 1000w\" sizes=\"(max-width: 225px) 100vw, 225px\" \/><\/a><\/figure><\/div>\n\n\n\n<p>Nordwestlich von Weimar erstrecken sich am S\u00fcdhang des Gro\u00dfen<strong> Ettersberg<\/strong>s weite blumenreiche Trockenrasen, Streuobstwiesen und Laubw\u00e4lder. Seit 2017 sind gro\u00dfe Teile des Naturschutzgebietes in Obhut der NABU-Stiftung. <br>408 Hektar des Gel\u00e4ndes sind als Naturschutzgebiet \u201eS\u00fcdhang Ettersberg\u201c gesch\u00fctzt und bieten \u00fcber 500 Pflanzenarten und rund 90 Vogelarten eine Heimat. 26 Libellenarten, 18 Heuschreckenarten und viele holzbewohnende K\u00e4ferarten zeugen vom hohen naturschutzfachlichen Wert des Gebietes.<\/p>\n\n\n\n<p><\/p>\n\n\n\n<div class=\"wp-block-image\"><figure class=\"alignright size-medium\"><a href=\"https:\/\/www.cgfe.de\/lge-de\/wp-content\/uploads\/sites\/17\/2021\/05\/Buchenwald19.jpg\"><img loading=\"lazy\" decoding=\"async\" width=\"225\" height=\"300\" src=\"https:\/\/www.cgfe.de\/lge-de\/wp-content\/uploads\/sites\/17\/2021\/05\/Buchenwald19-225x300.jpg\" alt=\"\" class=\"wp-image-5856\" srcset=\"https:\/\/www.cgfe.de\/lge-de\/wp-content\/uploads\/sites\/17\/2021\/05\/Buchenwald19-225x300.jpg 225w, https:\/\/www.cgfe.de\/lge-de\/wp-content\/uploads\/sites\/17\/2021\/05\/Buchenwald19-768x1024.jpg 768w, https:\/\/www.cgfe.de\/lge-de\/wp-content\/uploads\/sites\/17\/2021\/05\/Buchenwald19-1152x1536.jpg 1152w, https:\/\/www.cgfe.de\/lge-de\/wp-content\/uploads\/sites\/17\/2021\/05\/Buchenwald19.jpg 1200w\" sizes=\"(max-width: 225px) 100vw, 225px\" \/><\/a><\/figure><\/div>\n\n\n\n<p><\/p>\n\n\n\n<p>Auch das <strong><a href=\"https:\/\/www.buchenwald.de\/pl\/69\/\" target=\"_blank\" rel=\"noreferrer noopener\">ehemalige KZ Buchenwald<\/a><\/strong>, liegt wenige Kilometer von Weimar entfernt auf dem Ettersberg.<\/p>\n\n\n\n<p>Es gibt also gen\u00fcgend Gr\u00fcnde Weimar einmal zu besuchen, wie viele andere St\u00e4dte im gr\u00fcnen Herzen von Deutschland.<\/p>\n\n\n\n<p><\/p>\n\n\n\n<p><\/p>\n\n\n\n<p><\/p>\n\n\n\n<p><\/p>\n\n\n\n<hr class=\"wp-block-separator\" \/>\n\n\n\n<h4 class=\"wp-block-heading\" id=\"Schmalkalden\">Schmalkalden<\/h4>\n\n\n\n<p><strong><a href=\"https:\/\/www.schmalkalden.com\/\" target=\"_blank\" rel=\"noreferrer noopener\">Schmalkalden<\/a><\/strong> liegt ca. 25 km vom Engelsbach entfernt.<\/p>\n\n\n\n<p>Der mittelalterliche denkmalgesch\u00fctzte Altstadtkern besitzt ca. 90 % Fachwerkbauten aus dem 16.-18. Jahrhundert. Hierzu geh\u00f6ren die sp\u00e4tgotische Hallenkirche St. Georg und eine fast vollst\u00e4ndig erhaltene Schlossanlage der deutschen Renaissance, Schloss Wilhemsburg (1585-90 erbaut).<\/p>\n\n\n\n<figure class=\"wp-block-image size-large\"><a href=\"https:\/\/www.cgfe.de\/lge-de\/wp-content\/uploads\/sites\/17\/2021\/04\/Wilhemsburg-compri.jpg\"><img loading=\"lazy\" decoding=\"async\" width=\"1000\" height=\"666\" src=\"https:\/\/www.cgfe.de\/lge-de\/wp-content\/uploads\/sites\/17\/2021\/04\/Wilhemsburg-compri.jpg\" alt=\"\" class=\"wp-image-5842\" srcset=\"https:\/\/www.cgfe.de\/lge-de\/wp-content\/uploads\/sites\/17\/2021\/04\/Wilhemsburg-compri.jpg 1000w, https:\/\/www.cgfe.de\/lge-de\/wp-content\/uploads\/sites\/17\/2021\/04\/Wilhemsburg-compri-300x200.jpg 300w, https:\/\/www.cgfe.de\/lge-de\/wp-content\/uploads\/sites\/17\/2021\/04\/Wilhemsburg-compri-768x511.jpg 768w\" sizes=\"(max-width: 1000px) 100vw, 1000px\" \/><\/a><\/figure>\n\n\n\n<p>Im Mittelpunkt der europ\u00e4ischen Politik stand die, als sich die protestantischen St\u00e4nde gegen den katholischen Kaiser Karl V. im Schmalkaldischen Bund (1530) zusammenschlossen.<br>Zur bedeutendsten Tagung des Bundes 1537 legte Martin Luther seine \u201cSchmalkaldischen Artikel\u201d vor, die 1580 Bekenntnisschrift der evangelischen Kirche wurden.<\/p>\n\n\n\n<p>Kulturelles Zentrum der Stadt <strong><a href=\"https:\/\/www.museumwilhelmsburg.de\/\" target=\"_blank\" rel=\"noreferrer noopener\">ist Schloss Wilhelmsburg<\/a><\/strong> \u2013 Kunst- und Kulturdenkmal der deutschen Renaissance.<\/p>\n\n\n\n<p>Stadtmauer mit Fachwerkhaus, Saubere Industriebranchen, wie der Mittelbrunnenbetrieb \u201cTh\u00fcringer Waldquell\u201d, die Schokoladen- und Marzipanfabrik \u201cViba\u201d, Schmalkalder Wurst- und Fleischwaren, Schmalkalder Werkzeuge \u2013 Forschungsinstitute eingeschlossen \u2013 tragen zum Bekanntheitsgrad der Stadt und der Th\u00fcringer Produkte bei.<\/p>\n","protected":false},"excerpt":{"rendered":"<p>Eisenach Erfurt Gotha Weimar Schmalkalden Eisenach Bereits im 12. Jahrhundert wird Eisenach in Urkunden benannt.Hier kann man gro\u00dfen Namen der deutschen Geschichte begegnen, z.B. dem Komponisten Johann Sebastian Bach &#8211; Bachhaus Eisenach oder Martin Luther, der in der Wartburg Unterschlupf fand, als er f\u00fcr \u201cvogelfrei\u201d erkl\u00e4rt wurde.Er \u00fcbersetzte in dieser Zeit das neue Testament in [&hellip;]<\/p>\n","protected":false},"author":3,"featured_media":0,"parent":806,"menu_order":1,"comment_status":"closed","ping_status":"closed","template":"","meta":{"saved_in_kubio":false,"ngg_post_thumbnail":0,"footnotes":""},"class_list":["post-5807","page","type-page","status-publish","hentry"],"kubio_ai_page_context":{"short_desc":"","purpose":"general"},"_links":{"self":[{"href":"https:\/\/www.cgfe.de\/lge-de\/wp-json\/wp\/v2\/pages\/5807","targetHints":{"allow":["GET"]}}],"collection":[{"href":"https:\/\/www.cgfe.de\/lge-de\/wp-json\/wp\/v2\/pages"}],"about":[{"href":"https:\/\/www.cgfe.de\/lge-de\/wp-json\/wp\/v2\/types\/page"}],"author":[{"embeddable":true,"href":"https:\/\/www.cgfe.de\/lge-de\/wp-json\/wp\/v2\/users\/3"}],"replies":[{"embeddable":true,"href":"https:\/\/www.cgfe.de\/lge-de\/wp-json\/wp\/v2\/comments?post=5807"}],"version-history":[{"count":2,"href":"https:\/\/www.cgfe.de\/lge-de\/wp-json\/wp\/v2\/pages\/5807\/revisions"}],"predecessor-version":[{"id":5879,"href":"https:\/\/www.cgfe.de\/lge-de\/wp-json\/wp\/v2\/pages\/5807\/revisions\/5879"}],"up":[{"embeddable":true,"href":"https:\/\/www.cgfe.de\/lge-de\/wp-json\/wp\/v2\/pages\/806"}],"wp:attachment":[{"href":"https:\/\/www.cgfe.de\/lge-de\/wp-json\/wp\/v2\/media?parent=5807"}],"curies":[{"name":"wp","href":"https:\/\/api.w.org\/{rel}","templated":true}]}}